{"id":6267,"date":"2016-11-10T20:16:27","date_gmt":"2016-11-10T19:16:27","guid":{"rendered":"http:\/\/www.jazzypunto.es\/jazzaragon\/?page_id=6267"},"modified":"2025-11-24T11:25:06","modified_gmt":"2025-11-24T10:25:06","slug":"2016-xxxiii-festival","status":"publish","type":"page","link":"https:\/\/www.jazzypunto.es\/jazzaragon\/zaragoza\/festivales\/2016-xxxiii-festival\/","title":{"rendered":"2016 &#8211; XXXIII FESTIVAL"},"content":{"rendered":"<h3 style=\"text-align: center;\"><span style=\"color: #000000;\"><strong>Del 18 al 27 de Noviembre<\/strong><\/span><\/h3>\n<p><img data-recalc-dims=\"1\" decoding=\"async\" class=\"aligncenter wp-image-6293 lazyload\" data-src=\"https:\/\/i0.wp.com\/www.jazzypunto.es\/jazzaragon\/wp-content\/uploads\/2016\/11\/Cartel-Festival-2016-Solo-e1478808105697.jpg?resize=262%2C478\" alt=\"Imprimir\" width=\"262\" height=\"478\" src=\"data:image\/svg+xml;base64,PHN2ZyB3aWR0aD0iMSIgaGVpZ2h0PSIxIiB4bWxucz0iaHR0cDovL3d3dy53My5vcmcvMjAwMC9zdmciPjwvc3ZnPg==\" style=\"--smush-placeholder-width: 262px; --smush-placeholder-aspect-ratio: 262\/478;\" \/><\/p>\n<div class=\"csRow\">\n<div class=\"csColumnGap\" style=\"margin: 0px; padding: 0px; float: left; width: 1.56%;\">\u00a0<\/div>\n<div class=\"csRow\">\n<div class=\"csColumnGap\" style=\"margin: 0px; padding: 0px; float: left; width: 1.56%;\">\u00a0<\/div>\n<div class=\"csColumnGap\" style=\"margin: 0px; padding: 0px; float: left; width: 1.56%;\">\u00a0<\/div>\n<\/div>\n<\/div>\n<h5 style=\"text-align: center;\"><strong>14<\/strong><strong>\u00a0Mayo \u2013 <\/strong>Viernes 22.00 horas<strong>\u00a0 \u00a0<\/strong><\/h5>\n<p style=\"text-align: center;\"><strong>\u00a0 Sala Multiusos\u00a0<\/strong>(20 y 22 \u20ac) (500 pers.)\u00a0<strong><em>Fuera de Abono<\/em><\/strong><strong><em>\u00a0<\/em><\/strong><\/p>\n<p style=\"text-align: left;\"><em><strong>&#8212; Chucho Vald\u00e9s e Irakere<\/strong><\/em><\/p>\n<p style=\"text-align: center;\"><strong><em>Concierto 40 Aniversario<\/em><\/strong><\/p>\n<p style=\"padding-left: 40px;\"><em>Chucho Vald\u00e9s: piano<\/em><br \/><em>Gast\u00f3n Joya: contrabajo y bajo el\u00e9ctrico<\/em><br \/><em>Rodney Barreto: bater\u00eda<\/em><br \/><em>Yaroldy Abreu: percusi\u00f3n<\/em><br \/><em>Dreiser Durruthy Bombal\u00e9: bat\u00e1s y voz<\/em><br \/><em>Manuel Machado: trompeta<\/em><br \/><em>Reinaldo Meli\u00e1n: trompeta<\/em><br \/><em>Carlos Sarduy: trompeta<\/em><br \/><em>Ariel Br\u00ednguez: saxo tenor<\/em><br \/><em>Rafael \u00c1guila: saxo alto<\/em><\/p>\n<h4><em> \u00a0\u00a0<\/em><em>\u00a0 \u00a0 \u00a0 \u00a0 \u00a0 \u00a0 \u00a0 \u00a0 \u00a0 \u00a0 \u00a0 \u00a0 \u00a0 \u00a0 \u00a0 \u00a0 \u00a0 \u00a0 \u00a0 \u00a0 \u00a0 \u00a0 \u00a0 \u00a0 \u00a0 \u00a0 \u00a0 \u00a0 <img data-recalc-dims=\"1\" decoding=\"async\" class=\"aligncenter wp-image-6269 lazyload\" data-src=\"https:\/\/i0.wp.com\/www.jazzypunto.es\/jazzaragon\/wp-content\/uploads\/2016\/11\/Irakere.jpg?resize=213%2C302\" alt=\"irakere\" width=\"213\" height=\"302\" data-srcset=\"https:\/\/i0.wp.com\/www.jazzypunto.es\/jazzaragon\/wp-content\/uploads\/2016\/11\/Irakere.jpg?w=320&amp;ssl=1 320w, https:\/\/i0.wp.com\/www.jazzypunto.es\/jazzaragon\/wp-content\/uploads\/2016\/11\/Irakere.jpg?resize=212%2C300&amp;ssl=1 212w\" data-sizes=\"(max-width: 213px) 100vw, 213px\" src=\"data:image\/svg+xml;base64,PHN2ZyB3aWR0aD0iMSIgaGVpZ2h0PSIxIiB4bWxucz0iaHR0cDovL3d3dy53My5vcmcvMjAwMC9zdmciPjwvc3ZnPg==\" style=\"--smush-placeholder-width: 213px; --smush-placeholder-aspect-ratio: 213\/302;\" \/><\/em><\/h4>\n<h4 style=\"text-align: center;\"><em style=\"font-size: revert;\"><strong style=\"font-size: revert;\">18 de Noviembre<\/strong><span style=\"font-size: revert;\"> &#8211; Viernes \u00a021:00 horas<\/span><\/em><\/h4>\n<p style=\"text-align: center;\"><strong>Sala Multiusos\u00a0<\/strong>(24 y 26 \u20ac)<\/p>\n<p style=\"text-align: left;\"><strong><em>&#8211; Jos\u00e9 James<\/em><\/strong><\/p>\n<p style=\"padding-left: 40px;\"><em>Jos\u00e9 James:\u00a0voz, guitarra el\u00e9ctrica y electr\u00f3nica<\/em><br \/><em>Nate Smith: bater\u00eda y electr\u00f3nica<\/em><\/p>\n<p><img data-recalc-dims=\"1\" decoding=\"async\" class=\"aligncenter wp-image-6279 lazyload\" data-src=\"https:\/\/i0.wp.com\/www.jazzypunto.es\/jazzaragon\/wp-content\/uploads\/2016\/11\/Jos%C3%A9-James-e1478805117376.jpg?resize=262%2C286\" alt=\"jose-james\" width=\"262\" height=\"286\" src=\"data:image\/svg+xml;base64,PHN2ZyB3aWR0aD0iMSIgaGVpZ2h0PSIxIiB4bWxucz0iaHR0cDovL3d3dy53My5vcmcvMjAwMC9zdmciPjwvc3ZnPg==\" style=\"--smush-placeholder-width: 262px; --smush-placeholder-aspect-ratio: 262\/286;\" \/><\/p>\n<p style=\"text-align: left;\"><strong><em>&#8211; Noel Redolar Quartet<\/em><\/strong><\/p>\n<p style=\"padding-left: 40px;\"><em>Noel Redolar: piano<\/em><br \/><em>Alonso \u00a0Mart\u00ednez: guitarra<\/em><br \/><em>Jos\u00e9 Antonio Jim\u00e9nez: bajo<\/em><br \/><em>Quique Casanova: bater\u00eda<\/em><\/p>\n<h5 style=\"text-align: center;\"><strong>19\u00a0de noviembre<\/strong> &#8211; S\u00e1bado \u00a021.00 horas<\/h5>\n<p style=\"text-align: center;\"><strong>Sala Multiusos\u00a0<\/strong>(24 y 26 \u20ac)<\/p>\n<p style=\"text-align: left;\"><em><strong>&#8211; Dean Brown Band<\/strong><\/em><\/p>\n<p style=\"padding-left: 40px;\"><em>Dean Brown: guitarra el\u00e9ctrica<\/em><br \/><em>Gary Husband: bater\u00eda \u00a0<\/em><br \/><em>Linley Marthe: bajo el\u00e9ctrico \u00a0<\/em><br \/><em>Bernard Maseli: vibr\u00e1fono el\u00e9ctrico \u00a0<\/em><br \/><em>Mateusz Pliniewicz: viol\u00edn<\/em><\/p>\n<p><img data-recalc-dims=\"1\" decoding=\"async\" class=\"aligncenter wp-image-6284 lazyload\" data-src=\"https:\/\/i0.wp.com\/www.jazzypunto.es\/jazzaragon\/wp-content\/uploads\/2016\/11\/Dean-Brown-e1478805656769.jpg?resize=258%2C281\" alt=\"dean-brown\" width=\"258\" height=\"281\" src=\"data:image\/svg+xml;base64,PHN2ZyB3aWR0aD0iMSIgaGVpZ2h0PSIxIiB4bWxucz0iaHR0cDovL3d3dy53My5vcmcvMjAwMC9zdmciPjwvc3ZnPg==\" style=\"--smush-placeholder-width: 258px; --smush-placeholder-aspect-ratio: 258\/281;\" \/><\/p>\n<p style=\"text-align: left;\"><em><strong>&#8211; Dislocated Boys<\/strong><\/em><\/p>\n<p><em>Alvaro Arag\u00fc\u00e9s: guitarra<\/em><br \/><em>Joaqu\u00edn Garc\u00eda: bajo<\/em><br \/><em>Daniel Salanova: bater\u00eda<\/em><br \/><b> <\/b><\/p>\n<h5 style=\"text-align: center;\"><strong>20\u00a0de noviembre<\/strong> &#8211; Domingo\u00a0 20.00 horas<\/h5>\n<p style=\"text-align: center;\"><strong>Sala Multiusos\u00a0<\/strong>(24 y 26 \u20ac)<\/p>\n<p style=\"text-align: left;\"><strong>&#8211; <em>Ray Gelato &amp; Enforces<\/em><\/strong><\/p>\n<p style=\"padding-left: 40px;\"><a href=\"https:\/\/en.wikipedia.org\/wiki\/Ray_Gelato\" target=\"_blank\" rel=\"noopener noreferrer\"><em>Ray Gelato: saxo tenor\/voz<\/em><\/a><br \/><em>Ivan Kovacevic: contrabajo<\/em><br \/><em>Gunther Kurmayr: piano<\/em><br \/><em>Mart\u00ed Serra: bater\u00eda<\/em><\/p>\n<p><img data-recalc-dims=\"1\" decoding=\"async\" class=\"aligncenter wp-image-6286 lazyload\" data-src=\"https:\/\/i0.wp.com\/www.jazzypunto.es\/jazzaragon\/wp-content\/uploads\/2016\/11\/Ray-Gelato-e1478806035843.jpg?resize=254%2C276\" alt=\"ray-gelato\" width=\"254\" height=\"276\" src=\"data:image\/svg+xml;base64,PHN2ZyB3aWR0aD0iMSIgaGVpZ2h0PSIxIiB4bWxucz0iaHR0cDovL3d3dy53My5vcmcvMjAwMC9zdmciPjwvc3ZnPg==\" style=\"--smush-placeholder-width: 254px; --smush-placeholder-aspect-ratio: 254\/276;\" \/><\/p>\n<p style=\"text-align: left;\"><strong><em>&#8211; Bang<\/em><\/strong><\/p>\n<p style=\"padding-left: 40px;\"><em>Eduardo Pons: saxo tenor, flauta<\/em><br \/><em>Jorge Garc\u00eda: guitarra el\u00e9ctrica<\/em><br \/><em>Diego Hervalejo: teclados<\/em><br \/><em>David S\u00e1nchez: congas, percusi\u00f3n<\/em><br \/><em>Daniel Salanova: bater\u00eda<\/em><\/p>\n<h5 style=\"text-align: center;\"><strong>24 de noviembre<\/strong> &#8211; Jueves\u00a0 21.00 horas<\/h5>\n<p style=\"text-align: center;\"><strong>Sala Multiusos\u00a0<\/strong>(28 y 30 \u20ac)\u00a0 (900 pers.)<\/p>\n<p style=\"text-align: left;\"><strong><em>&#8211; Madeleine Peyroux<\/em><\/strong><\/p>\n<p style=\"padding-left: 40px;\"><em>Madeleine Peyroux: guitarra ac\u00fastica\/el\u00e9ctrica<\/em><br \/><em>Jon Herington: guitarra el\u00e9ctrica<\/em><br \/><em>Barak Mori: contrabajo<\/em><\/p>\n<p><img data-recalc-dims=\"1\" decoding=\"async\" class=\"aligncenter wp-image-6287 lazyload\" data-src=\"https:\/\/i0.wp.com\/www.jazzypunto.es\/jazzaragon\/wp-content\/uploads\/2016\/11\/Madeleine-Peyroux-e1478806382311.jpg?resize=251%2C274\" alt=\"madeleine-peyroux\" width=\"251\" height=\"274\" src=\"data:image\/svg+xml;base64,PHN2ZyB3aWR0aD0iMSIgaGVpZ2h0PSIxIiB4bWxucz0iaHR0cDovL3d3dy53My5vcmcvMjAwMC9zdmciPjwvc3ZnPg==\" style=\"--smush-placeholder-width: 251px; --smush-placeholder-aspect-ratio: 251\/274;\" \/><\/p>\n<h5 style=\"text-align: center;\"><strong>25 de noviembre<\/strong> &#8211; Viernes\u00a0 21.00 horas<\/h5>\n<p style=\"text-align: center;\"><strong>Sala Multiusos\u00a0<\/strong>(24 y 26\u00a0\u20ac)<\/p>\n<p style=\"text-align: left;\"><em><strong>&#8211; Robert Glasper Experiment<\/strong><\/em><\/p>\n<p style=\"padding-left: 40px;\"><em>Robert Glasper: teclados y fender rhodes<\/em><br \/><em>Casey Benjamin: saxo alto\/vocoder<\/em><br \/><em>Mark Colenburg: bater\u00eda y electr\u00f3nica<\/em><br \/><em>Burniss Earl Travis II: bajo el\u00e9ctrico<\/em><br \/><em>Mike Severson: guitarra el\u00e9ctrica.<\/em><\/p>\n<p><img data-recalc-dims=\"1\" decoding=\"async\" class=\"aligncenter wp-image-6288 lazyload\" data-src=\"https:\/\/i0.wp.com\/www.jazzypunto.es\/jazzaragon\/wp-content\/uploads\/2016\/11\/Robert-Glasper-e1478806622598.jpg?resize=252%2C275\" alt=\"robert-glasper\" width=\"252\" height=\"275\" src=\"data:image\/svg+xml;base64,PHN2ZyB3aWR0aD0iMSIgaGVpZ2h0PSIxIiB4bWxucz0iaHR0cDovL3d3dy53My5vcmcvMjAwMC9zdmciPjwvc3ZnPg==\" style=\"--smush-placeholder-width: 252px; --smush-placeholder-aspect-ratio: 252\/275;\" \/><\/p>\n<p style=\"text-align: left;\"><em><strong>&#8211; Antonio Salanova Trio<\/strong><\/em><\/p>\n<p style=\"padding-left: 40px;\"><em>Antonio Salanova: piano<\/em><br \/><em>Coco Balasch: contrabajo<\/em><br \/><em>Fran Gazol: bater\u00eda<\/em><\/p>\n<h5 style=\"text-align: center;\"><strong>26 de noviembre<\/strong> &#8211; S\u00e1bado\u00a0 22.00 horas<\/h5>\n<p style=\"text-align: center;\"><strong>Sala Multiusos\u00a0<\/strong>(18 y 20 \u20ac) (400 pers.)<\/p>\n<p style=\"text-align: left;\"><strong><em>&#8211; Aurora &amp; The Betrayers<\/em><\/strong><\/p>\n<p style=\"padding-left: 40px;\"><em>Aurora Garc\u00eda: voz<\/em><br \/><em>Enrique Parra: bater\u00eda<\/em><br \/><em>Pablo Rodas: bajo el\u00e9ctrico<\/em><br \/><em>Jos\u00e9 Garc\u00eda: guitarra el\u00e9ctrica<\/em><br \/><em>Luis Pinel: teclados<\/em><br \/><em>Mart\u00edn Garc\u00eda: saxo tenor y teclados<\/em><br \/><em>Josu\u00e9 Garc\u00eda: trompeta<\/em><br \/><em>Ver\u00f3nica Ferreiro y Carolina Garc\u00eda: coros<\/em><\/p>\n<p><img data-recalc-dims=\"1\" decoding=\"async\" class=\"aligncenter wp-image-6289 lazyload\" data-src=\"https:\/\/i0.wp.com\/www.jazzypunto.es\/jazzaragon\/wp-content\/uploads\/2016\/11\/Aurora-The-Betrayers-e1478807041480.jpg?resize=250%2C272\" alt=\"aurora-the-betrayers\" width=\"250\" height=\"272\" src=\"data:image\/svg+xml;base64,PHN2ZyB3aWR0aD0iMSIgaGVpZ2h0PSIxIiB4bWxucz0iaHR0cDovL3d3dy53My5vcmcvMjAwMC9zdmciPjwvc3ZnPg==\" style=\"--smush-placeholder-width: 250px; --smush-placeholder-aspect-ratio: 250\/272;\" \/><\/p>\n<h5 style=\"text-align: center;\"><strong>27 de noviembre<\/strong> &#8211; Domingo\u00a0 20.00 horas<\/h5>\n<p style=\"text-align: center;\"><strong>Sala Multiusos\u00a0<\/strong>(28 y 30 \u20ac) (800 pers.)<\/p>\n<p style=\"text-align: left;\"><strong><em>&#8211; James Rhodes<\/em><\/strong><\/p>\n<p style=\"padding-left: 40px;\"><em>James Rhodes: piano<\/em><\/p>\n<p><img data-recalc-dims=\"1\" decoding=\"async\" class=\"aligncenter wp-image-6290 lazyload\" data-src=\"https:\/\/i0.wp.com\/www.jazzypunto.es\/jazzaragon\/wp-content\/uploads\/2016\/11\/James-Rhodes-e1478807518215.jpg?resize=255%2C279\" alt=\"james-rhodes\" width=\"255\" height=\"279\" src=\"data:image\/svg+xml;base64,PHN2ZyB3aWR0aD0iMSIgaGVpZ2h0PSIxIiB4bWxucz0iaHR0cDovL3d3dy53My5vcmcvMjAwMC9zdmciPjwvc3ZnPg==\" style=\"--smush-placeholder-width: 255px; --smush-placeholder-aspect-ratio: 255\/279;\" \/><\/p>\n<p style=\"text-align: center;\"><strong><em>Abono para los siete\u00a0conciertos: 140 \u20ac<\/em><\/strong><\/p>\n<p>Participaron 53 m\u00fasicos<\/p>\n<p><strong><em>Colaboran:<\/em><\/strong><\/p>\n<p style=\"padding-left: 40px;\"><em>Arag\u00f3n Radio<\/em><br \/><em>FNAC<\/em><br \/><em>Fluge Zaragoza<\/em><br \/><em>Call &amp; Play<\/em><br \/><em>Swing On<\/em><br \/><em>Harinera Zaragoza<\/em><br \/><em>Uni\u00f3n Musical de Espa\u00f1a<\/em><br \/><em>Fundaci\u00f3n SGAE<\/em><\/p>\n<p><strong><em>Hotel Oficial<\/em><\/strong><\/p>\n<p style=\"padding-left: 40px;\"><em>Ilunion Hotels<\/em><\/p>\n<p><em><strong>Agita<\/strong>:<\/em><\/p>\n<p style=\"padding-left: 40px;\"><em>Ambar 1900<\/em><\/p>\n<p><strong><em>Organiza:<\/em><\/strong><\/p>\n<p style=\"padding-left: 40px;\"><em>Siamm Producciones<\/em><br \/><em>Ayuntamiento de Zaragoza<\/em><\/p>\n\n\n<figure class=\"wp-block-table is-style-stripes\"><table class=\"has-fixed-layout\"><tbody><tr><td class=\"has-text-align-center\" data-align=\"center\"><strong><em><a href=\"https:\/\/www.jazzypunto.es\/jazzaragon\/xxii-jazz-al-margen\/\" target=\"_blank\" rel=\"noreferrer noopener\">XXII azz al Margen &#8211; 2016<\/a><\/em><\/strong><\/td><td class=\"has-text-align-center\" data-align=\"center\"><a href=\"https:\/\/www.jazzypunto.es\/jazzaragon\/xxii-jazz-al-margen\/\" target=\"_blank\" rel=\"noreferrer noopener\"><img data-recalc-dims=\"1\" decoding=\"async\" width=\"150\" height=\"211\" class=\"wp-image-26725 lazyload\" style=\"--smush-placeholder-width: 150px; --smush-placeholder-aspect-ratio: 150\/211;width: 150px;\" data-src=\"https:\/\/i0.wp.com\/www.jazzypunto.es\/jazzaragon\/wp-content\/uploads\/2025\/11\/Jazz-al-Margen-2016.jpg?resize=150%2C211\" alt=\"\" data-srcset=\"https:\/\/i0.wp.com\/www.jazzypunto.es\/jazzaragon\/wp-content\/uploads\/2025\/11\/Jazz-al-Margen-2016.jpg?w=684&amp;ssl=1 684w, https:\/\/i0.wp.com\/www.jazzypunto.es\/jazzaragon\/wp-content\/uploads\/2025\/11\/Jazz-al-Margen-2016.jpg?resize=214%2C300&amp;ssl=1 214w\" data-sizes=\"(max-width: 150px) 100vw, 150px\" src=\"data:image\/svg+xml;base64,PHN2ZyB3aWR0aD0iMSIgaGVpZ2h0PSIxIiB4bWxucz0iaHR0cDovL3d3dy53My5vcmcvMjAwMC9zdmciPjwvc3ZnPg==\" \/><\/a><\/td><\/tr><tr><td class=\"has-text-align-center\" data-align=\"center\"><strong><em><a href=\"https:\/\/www.jazzypunto.es\/jazzaragon\/las-jam-de-las-esquinas\/\" target=\"_blank\" rel=\"noreferrer noopener\">Las Jam de las Esquinas<\/a><\/em><\/strong><\/td><td class=\"has-text-align-center\" data-align=\"center\"><\/td><\/tr><\/tbody><\/table><\/figure>\n","protected":false},"excerpt":{"rendered":"<p>Del 18 al 27 de Noviembre \u00a0 \u00a0 \u00a0 14\u00a0Mayo \u2013 Viernes 22.00 horas\u00a0 \u00a0 \u00a0 Sala Multiusos\u00a0(20 y 22 \u20ac) (500 pers.)\u00a0Fuera de Abono\u00a0 &#8212; Chucho Vald\u00e9s e Irakere Concierto 40 Aniversario Chucho Vald\u00e9s: pianoGast\u00f3n Joya: contrabajo y bajo el\u00e9ctricoRodney Barreto: bater\u00edaYaroldy Abreu: percusi\u00f3nDreiser Durruthy Bombal\u00e9: bat\u00e1s y vozManuel Machado: trompetaReinaldo Meli\u00e1n: trompetaCarlos Sarduy: &hellip; <a href=\"https:\/\/www.jazzypunto.es\/jazzaragon\/zaragoza\/festivales\/2016-xxxiii-festival\/\" class=\"more-link\">Seguir leyendo <span class=\"screen-reader-text\">2016 &#8211; XXXIII FESTIVAL<\/span> <span class=\"meta-nav\">&rarr;<\/span><\/a><\/p>\n","protected":false},"author":1,"featured_media":0,"parent":3045,"menu_order":0,"comment_status":"closed","ping_status":"closed","template":"page-templates\/full-width.php","meta":{"footnotes":""},"class_list":["post-6267","page","type-page","status-publish","hentry"],"yoast_head":"<!-- This site is optimized with the Yoast SEO plugin v28.4 - https:\/\/yoast.com\/product\/yoast-seo-wordpress\/ -->\n<title>2016 - XXXIII FESTIVAL &#8212; Jazz Arag\u00f3n<\/title>\n<meta name=\"robots\" content=\"index, follow, max-snippet:-1, max-image-preview:large, max-video-preview:-1\" \/>\n<link rel=\"canonical\" href=\"https:\/\/www.jazzypunto.es\/jazzaragon\/zaragoza\/festivales\/2016-xxxiii-festival\/\" \/>\n<meta property=\"og:locale\" content=\"es_ES\" \/>\n<meta property=\"og:type\" content=\"article\" \/>\n<meta property=\"og:title\" content=\"2016 - XXXIII FESTIVAL &#8212; Jazz Arag\u00f3n\" \/>\n<meta property=\"og:description\" content=\"Del 18 al 27 de Noviembre \u00a0 \u00a0 \u00a0 14\u00a0Mayo \u2013 Viernes 22.00 horas\u00a0 \u00a0 \u00a0 Sala Multiusos\u00a0(20 y 22 \u20ac) (500 pers.)\u00a0Fuera de Abono\u00a0 &#8212; Chucho Vald\u00e9s e Irakere Concierto 40 Aniversario Chucho Vald\u00e9s: pianoGast\u00f3n Joya: contrabajo y bajo el\u00e9ctricoRodney Barreto: bater\u00edaYaroldy Abreu: percusi\u00f3nDreiser Durruthy Bombal\u00e9: bat\u00e1s y vozManuel Machado: trompetaReinaldo Meli\u00e1n: trompetaCarlos Sarduy: &hellip; Seguir leyendo 2016 &#8211; XXXIII FESTIVAL &rarr;\" \/>\n<meta property=\"og:url\" content=\"https:\/\/www.jazzypunto.es\/jazzaragon\/zaragoza\/festivales\/2016-xxxiii-festival\/\" \/>\n<meta property=\"og:site_name\" content=\"Jazz Arag\u00f3n\" \/>\n<meta property=\"article:publisher\" content=\"https:\/\/www.facebook.com\/Danijazz\/\" \/>\n<meta property=\"article:modified_time\" content=\"2025-11-24T10:25:06+00:00\" \/>\n<meta property=\"og:image\" content=\"http:\/\/www.jazzypunto.es\/jazzaragon\/wp-content\/uploads\/2016\/11\/Cartel-Festival-2016-Solo-e1478808105697.jpg\" \/>\n<meta name=\"twitter:card\" content=\"summary_large_image\" \/>\n<meta name=\"twitter:site\" content=\"@_jazzaragon\" \/>\n<meta name=\"twitter:label1\" content=\"Tiempo de lectura\" \/>\n\t<meta name=\"twitter:data1\" content=\"4 minutos\" \/>\n<script type=\"application\/ld+json\" class=\"yoast-schema-graph\">{\"@context\":\"https:\\\/\\\/schema.org\",\"@graph\":[{\"@type\":\"WebPage\",\"@id\":\"https:\\\/\\\/www.jazzypunto.es\\\/jazzaragon\\\/zaragoza\\\/festivales\\\/2016-xxxiii-festival\\\/\",\"url\":\"https:\\\/\\\/www.jazzypunto.es\\\/jazzaragon\\\/zaragoza\\\/festivales\\\/2016-xxxiii-festival\\\/\",\"name\":\"2016 - XXXIII FESTIVAL &#8212; Jazz Arag\u00f3n\",\"isPartOf\":{\"@id\":\"https:\\\/\\\/www.jazzypunto.es\\\/jazzaragon\\\/#website\"},\"primaryImageOfPage\":{\"@id\":\"https:\\\/\\\/www.jazzypunto.es\\\/jazzaragon\\\/zaragoza\\\/festivales\\\/2016-xxxiii-festival\\\/#primaryimage\"},\"image\":{\"@id\":\"https:\\\/\\\/www.jazzypunto.es\\\/jazzaragon\\\/zaragoza\\\/festivales\\\/2016-xxxiii-festival\\\/#primaryimage\"},\"thumbnailUrl\":\"http:\\\/\\\/www.jazzypunto.es\\\/jazzaragon\\\/wp-content\\\/uploads\\\/2016\\\/11\\\/Cartel-Festival-2016-Solo-e1478808105697.jpg\",\"datePublished\":\"2016-11-10T19:16:27+00:00\",\"dateModified\":\"2025-11-24T10:25:06+00:00\",\"breadcrumb\":{\"@id\":\"https:\\\/\\\/www.jazzypunto.es\\\/jazzaragon\\\/zaragoza\\\/festivales\\\/2016-xxxiii-festival\\\/#breadcrumb\"},\"inLanguage\":\"es\",\"potentialAction\":[{\"@type\":\"ReadAction\",\"target\":[\"https:\\\/\\\/www.jazzypunto.es\\\/jazzaragon\\\/zaragoza\\\/festivales\\\/2016-xxxiii-festival\\\/\"]}]},{\"@type\":\"ImageObject\",\"inLanguage\":\"es\",\"@id\":\"https:\\\/\\\/www.jazzypunto.es\\\/jazzaragon\\\/zaragoza\\\/festivales\\\/2016-xxxiii-festival\\\/#primaryimage\",\"url\":\"https:\\\/\\\/i0.wp.com\\\/www.jazzypunto.es\\\/jazzaragon\\\/wp-content\\\/uploads\\\/2016\\\/11\\\/Cartel-Festival-2016-Solo-e1478808105697.jpg?fit=438%2C800&ssl=1\",\"contentUrl\":\"https:\\\/\\\/i0.wp.com\\\/www.jazzypunto.es\\\/jazzaragon\\\/wp-content\\\/uploads\\\/2016\\\/11\\\/Cartel-Festival-2016-Solo-e1478808105697.jpg?fit=438%2C800&ssl=1\",\"width\":438,\"height\":800},{\"@type\":\"BreadcrumbList\",\"@id\":\"https:\\\/\\\/www.jazzypunto.es\\\/jazzaragon\\\/zaragoza\\\/festivales\\\/2016-xxxiii-festival\\\/#breadcrumb\",\"itemListElement\":[{\"@type\":\"ListItem\",\"position\":1,\"name\":\"Portada\",\"item\":\"https:\\\/\\\/www.jazzypunto.es\\\/jazzaragon\\\/\"},{\"@type\":\"ListItem\",\"position\":2,\"name\":\"Zaragoza\",\"item\":\"https:\\\/\\\/www.jazzypunto.es\\\/jazzaragon\\\/zaragoza\\\/\"},{\"@type\":\"ListItem\",\"position\":3,\"name\":\"Festival de Zaragoza\",\"item\":\"https:\\\/\\\/www.jazzypunto.es\\\/jazzaragon\\\/zaragoza\\\/festivales\\\/\"},{\"@type\":\"ListItem\",\"position\":4,\"name\":\"2016 &#8211; XXXIII FESTIVAL\"}]},{\"@type\":\"WebSite\",\"@id\":\"https:\\\/\\\/www.jazzypunto.es\\\/jazzaragon\\\/#website\",\"url\":\"https:\\\/\\\/www.jazzypunto.es\\\/jazzaragon\\\/\",\"name\":\"Jazz Arag\u00f3n\",\"description\":\"Historia y Actualidad\",\"publisher\":{\"@id\":\"https:\\\/\\\/www.jazzypunto.es\\\/jazzaragon\\\/#\\\/schema\\\/person\\\/c0d650c3b28b68befb325c5cddc3b0fe\"},\"potentialAction\":[{\"@type\":\"SearchAction\",\"target\":{\"@type\":\"EntryPoint\",\"urlTemplate\":\"https:\\\/\\\/www.jazzypunto.es\\\/jazzaragon\\\/?s={search_term_string}\"},\"query-input\":{\"@type\":\"PropertyValueSpecification\",\"valueRequired\":true,\"valueName\":\"search_term_string\"}}],\"inLanguage\":\"es\"},{\"@type\":[\"Person\",\"Organization\"],\"@id\":\"https:\\\/\\\/www.jazzypunto.es\\\/jazzaragon\\\/#\\\/schema\\\/person\\\/c0d650c3b28b68befb325c5cddc3b0fe\",\"name\":\"Danijazz\",\"image\":{\"@type\":\"ImageObject\",\"inLanguage\":\"es\",\"@id\":\"https:\\\/\\\/i0.wp.com\\\/www.jazzypunto.es\\\/jazzaragon\\\/wp-content\\\/uploads\\\/2022\\\/11\\\/Benja_Daniel-e1667983357479.jpg?fit=1000%2C975&ssl=1\",\"url\":\"https:\\\/\\\/i0.wp.com\\\/www.jazzypunto.es\\\/jazzaragon\\\/wp-content\\\/uploads\\\/2022\\\/11\\\/Benja_Daniel-e1667983357479.jpg?fit=1000%2C975&ssl=1\",\"contentUrl\":\"https:\\\/\\\/i0.wp.com\\\/www.jazzypunto.es\\\/jazzaragon\\\/wp-content\\\/uploads\\\/2022\\\/11\\\/Benja_Daniel-e1667983357479.jpg?fit=1000%2C975&ssl=1\",\"width\":1000,\"height\":975,\"caption\":\"Danijazz\"},\"logo\":{\"@id\":\"https:\\\/\\\/i0.wp.com\\\/www.jazzypunto.es\\\/jazzaragon\\\/wp-content\\\/uploads\\\/2022\\\/11\\\/Benja_Daniel-e1667983357479.jpg?fit=1000%2C975&ssl=1\"},\"sameAs\":[\"https:\\\/\\\/www.facebook.com\\\/Danijazz\\\/\"]}]}<\/script>\n<!-- \/ Yoast SEO plugin. -->","yoast_head_json":{"title":"2016 - XXXIII FESTIVAL &#8212; Jazz Arag\u00f3n","robots":{"index":"index","follow":"follow","max-snippet":"max-snippet:-1","max-image-preview":"max-image-preview:large","max-video-preview":"max-video-preview:-1"},"canonical":"https:\/\/www.jazzypunto.es\/jazzaragon\/zaragoza\/festivales\/2016-xxxiii-festival\/","og_locale":"es_ES","og_type":"article","og_title":"2016 - XXXIII FESTIVAL &#8212; Jazz Arag\u00f3n","og_description":"Del 18 al 27 de Noviembre \u00a0 \u00a0 \u00a0 14\u00a0Mayo \u2013 Viernes 22.00 horas\u00a0 \u00a0 \u00a0 Sala Multiusos\u00a0(20 y 22 \u20ac) (500 pers.)\u00a0Fuera de Abono\u00a0 &#8212; Chucho Vald\u00e9s e Irakere Concierto 40 Aniversario Chucho Vald\u00e9s: pianoGast\u00f3n Joya: contrabajo y bajo el\u00e9ctricoRodney Barreto: bater\u00edaYaroldy Abreu: percusi\u00f3nDreiser Durruthy Bombal\u00e9: bat\u00e1s y vozManuel Machado: trompetaReinaldo Meli\u00e1n: trompetaCarlos Sarduy: &hellip; Seguir leyendo 2016 &#8211; XXXIII FESTIVAL &rarr;","og_url":"https:\/\/www.jazzypunto.es\/jazzaragon\/zaragoza\/festivales\/2016-xxxiii-festival\/","og_site_name":"Jazz Arag\u00f3n","article_publisher":"https:\/\/www.facebook.com\/Danijazz\/","article_modified_time":"2025-11-24T10:25:06+00:00","og_image":[{"url":"http:\/\/www.jazzypunto.es\/jazzaragon\/wp-content\/uploads\/2016\/11\/Cartel-Festival-2016-Solo-e1478808105697.jpg","type":"","width":"","height":""}],"twitter_card":"summary_large_image","twitter_site":"@_jazzaragon","twitter_misc":{"Tiempo de lectura":"4 minutos"},"schema":{"@context":"https:\/\/schema.org","@graph":[{"@type":"WebPage","@id":"https:\/\/www.jazzypunto.es\/jazzaragon\/zaragoza\/festivales\/2016-xxxiii-festival\/","url":"https:\/\/www.jazzypunto.es\/jazzaragon\/zaragoza\/festivales\/2016-xxxiii-festival\/","name":"2016 - XXXIII FESTIVAL &#8212; Jazz Arag\u00f3n","isPartOf":{"@id":"https:\/\/www.jazzypunto.es\/jazzaragon\/#website"},"primaryImageOfPage":{"@id":"https:\/\/www.jazzypunto.es\/jazzaragon\/zaragoza\/festivales\/2016-xxxiii-festival\/#primaryimage"},"image":{"@id":"https:\/\/www.jazzypunto.es\/jazzaragon\/zaragoza\/festivales\/2016-xxxiii-festival\/#primaryimage"},"thumbnailUrl":"http:\/\/www.jazzypunto.es\/jazzaragon\/wp-content\/uploads\/2016\/11\/Cartel-Festival-2016-Solo-e1478808105697.jpg","datePublished":"2016-11-10T19:16:27+00:00","dateModified":"2025-11-24T10:25:06+00:00","breadcrumb":{"@id":"https:\/\/www.jazzypunto.es\/jazzaragon\/zaragoza\/festivales\/2016-xxxiii-festival\/#breadcrumb"},"inLanguage":"es","potentialAction":[{"@type":"ReadAction","target":["https:\/\/www.jazzypunto.es\/jazzaragon\/zaragoza\/festivales\/2016-xxxiii-festival\/"]}]},{"@type":"ImageObject","inLanguage":"es","@id":"https:\/\/www.jazzypunto.es\/jazzaragon\/zaragoza\/festivales\/2016-xxxiii-festival\/#primaryimage","url":"https:\/\/i0.wp.com\/www.jazzypunto.es\/jazzaragon\/wp-content\/uploads\/2016\/11\/Cartel-Festival-2016-Solo-e1478808105697.jpg?fit=438%2C800&ssl=1","contentUrl":"https:\/\/i0.wp.com\/www.jazzypunto.es\/jazzaragon\/wp-content\/uploads\/2016\/11\/Cartel-Festival-2016-Solo-e1478808105697.jpg?fit=438%2C800&ssl=1","width":438,"height":800},{"@type":"BreadcrumbList","@id":"https:\/\/www.jazzypunto.es\/jazzaragon\/zaragoza\/festivales\/2016-xxxiii-festival\/#breadcrumb","itemListElement":[{"@type":"ListItem","position":1,"name":"Portada","item":"https:\/\/www.jazzypunto.es\/jazzaragon\/"},{"@type":"ListItem","position":2,"name":"Zaragoza","item":"https:\/\/www.jazzypunto.es\/jazzaragon\/zaragoza\/"},{"@type":"ListItem","position":3,"name":"Festival de Zaragoza","item":"https:\/\/www.jazzypunto.es\/jazzaragon\/zaragoza\/festivales\/"},{"@type":"ListItem","position":4,"name":"2016 &#8211; XXXIII FESTIVAL"}]},{"@type":"WebSite","@id":"https:\/\/www.jazzypunto.es\/jazzaragon\/#website","url":"https:\/\/www.jazzypunto.es\/jazzaragon\/","name":"Jazz Arag\u00f3n","description":"Historia y Actualidad","publisher":{"@id":"https:\/\/www.jazzypunto.es\/jazzaragon\/#\/schema\/person\/c0d650c3b28b68befb325c5cddc3b0fe"},"potentialAction":[{"@type":"SearchAction","target":{"@type":"EntryPoint","urlTemplate":"https:\/\/www.jazzypunto.es\/jazzaragon\/?s={search_term_string}"},"query-input":{"@type":"PropertyValueSpecification","valueRequired":true,"valueName":"search_term_string"}}],"inLanguage":"es"},{"@type":["Person","Organization"],"@id":"https:\/\/www.jazzypunto.es\/jazzaragon\/#\/schema\/person\/c0d650c3b28b68befb325c5cddc3b0fe","name":"Danijazz","image":{"@type":"ImageObject","inLanguage":"es","@id":"https:\/\/i0.wp.com\/www.jazzypunto.es\/jazzaragon\/wp-content\/uploads\/2022\/11\/Benja_Daniel-e1667983357479.jpg?fit=1000%2C975&ssl=1","url":"https:\/\/i0.wp.com\/www.jazzypunto.es\/jazzaragon\/wp-content\/uploads\/2022\/11\/Benja_Daniel-e1667983357479.jpg?fit=1000%2C975&ssl=1","contentUrl":"https:\/\/i0.wp.com\/www.jazzypunto.es\/jazzaragon\/wp-content\/uploads\/2022\/11\/Benja_Daniel-e1667983357479.jpg?fit=1000%2C975&ssl=1","width":1000,"height":975,"caption":"Danijazz"},"logo":{"@id":"https:\/\/i0.wp.com\/www.jazzypunto.es\/jazzaragon\/wp-content\/uploads\/2022\/11\/Benja_Daniel-e1667983357479.jpg?fit=1000%2C975&ssl=1"},"sameAs":["https:\/\/www.facebook.com\/Danijazz\/"]}]}},"jetpack_sharing_enabled":true,"_links":{"self":[{"href":"https:\/\/www.jazzypunto.es\/jazzaragon\/wp-json\/wp\/v2\/pages\/6267","targetHints":{"allow":["GET"]}}],"collection":[{"href":"https:\/\/www.jazzypunto.es\/jazzaragon\/wp-json\/wp\/v2\/pages"}],"about":[{"href":"https:\/\/www.jazzypunto.es\/jazzaragon\/wp-json\/wp\/v2\/types\/page"}],"author":[{"embeddable":true,"href":"https:\/\/www.jazzypunto.es\/jazzaragon\/wp-json\/wp\/v2\/users\/1"}],"replies":[{"embeddable":true,"href":"https:\/\/www.jazzypunto.es\/jazzaragon\/wp-json\/wp\/v2\/comments?post=6267"}],"version-history":[{"count":44,"href":"https:\/\/www.jazzypunto.es\/jazzaragon\/wp-json\/wp\/v2\/pages\/6267\/revisions"}],"predecessor-version":[{"id":26827,"href":"https:\/\/www.jazzypunto.es\/jazzaragon\/wp-json\/wp\/v2\/pages\/6267\/revisions\/26827"}],"up":[{"embeddable":true,"href":"https:\/\/www.jazzypunto.es\/jazzaragon\/wp-json\/wp\/v2\/pages\/3045"}],"wp:attachment":[{"href":"https:\/\/www.jazzypunto.es\/jazzaragon\/wp-json\/wp\/v2\/media?parent=6267"}],"curies":[{"name":"wp","href":"https:\/\/api.w.org\/{rel}","templated":true}]}}